{"id":693,"date":"2025-11-02T20:27:37","date_gmt":"2025-11-02T19:27:37","guid":{"rendered":"https:\/\/cunadelalegion.es\/?page_id=693"},"modified":"2025-11-22T12:54:33","modified_gmt":"2025-11-22T11:54:33","slug":"preinscripciones-2026","status":"publish","type":"page","link":"https:\/\/cunadelalegion.es\/?page_id=693","title":{"rendered":"PREINSCRIPCIONES  2026"},"content":{"rendered":"\n<div class=\"wp-block-omnipress-container op-content-container op-block-container__wrapper\" data-type=\"omnipress\/container\"><div class=\"op-container-innerblocks-wrapper alignwide\">\n<div class=\"wp-block-omnipress-container op-content-container op-block-container__wrapper\" data-type=\"omnipress\/container\"><div class=\"op-container-innerblocks-wrapper alignwide\">\n<div class=\"wp-block-omnipress-container op-content-container op-block-container__wrapper\" data-type=\"omnipress\/container\"><div class=\"op-container-innerblocks-wrapper alignwide\">\n<div class=\"wp-block-omnipress-image op-block op-223bfeb8 op-block__image has-aspect-ratio hover-image-zoom-in op_has_animation\" data-masks=\"circle\" data-type=\"omnipress\/image\" style=\"--op-img-mask:none\" data-op-animation=\"animate__zoomOut animate__animated animate__duration-faster 0s\"><figure><img decoding=\"async\" data-mask-position=\"center center\" data-mask-size=\"auto\" data-lazy-load=\"true\" data-mask-repeat=\"no-repeat\" data-size=\"large\" data-src=\"https:\/\/cunadelalegion.es\/wp-content\/uploads\/2025\/11\/boton-inicio-web-1.png\" loading=\"lazy\" title=\"bot\u00f3n inicio web\" src=\"\" class=\"op-block__image-img op-block__image-item op-mask op-mask-circle op-mask-size-cover op-mask-position-center op-mask-no-repeat\" alt=\"\"\/><\/figure><\/div>\n<\/div><\/div>\n<\/div><\/div>\n<\/div><\/div>\n\n\n\n<p>Las preinscripciones permanecer\u00e1n abiertas hasta el 10 de diciembre, estar preinscrito es requisito imprescindible para poder inscribirse el d\u00eda 15 de diciembre fecha en la que se realizar\u00e1 el pago.<\/p>\n\n\n\n<p> Estas preinscripciones ser\u00e1n para las modalidades de 20k, 50k y MTB. <\/p>\n\n\n\n<p><strong>Las modalidades Benjam\u00edn y Joven realizar\u00e1n todo el proceso en las inscripciones del 15 de diciembre.<\/strong><\/p>\n\n\n\n<figure class=\"wp-block-image aligncenter size-full\"><a href=\"https:\/\/inscripciones.gesconchip.es\/es\/evento\/x-carrera-civico-militar-cuna-de-la-legion\/inscripcion\/selecciona-tarifa?&amp;fee_tag=20k\"><img loading=\"lazy\" decoding=\"async\" width=\"425\" height=\"198\" src=\"http:\/\/cunadelalegion.es\/wp-content\/uploads\/2025\/02\/20K-2.png\" alt=\"\" class=\"wp-image-523\" srcset=\"https:\/\/cunadelalegion.es\/wp-content\/uploads\/2025\/02\/20K-2.png 425w, https:\/\/cunadelalegion.es\/wp-content\/uploads\/2025\/02\/20K-2-300x140.png 300w\" sizes=\"auto, (max-width: 425px) 100vw, 425px\" \/><\/a><\/figure>\n\n\n\n<figure class=\"wp-block-image aligncenter size-large\"><a href=\"https:\/\/inscripciones.gesconchip.es\/es\/evento\/x-carrera-civico-militar-cuna-de-la-legion\/inscripcion\/selecciona-tarifa?&amp;fee_tag=50k\"><img loading=\"lazy\" decoding=\"async\" width=\"425\" height=\"198\" src=\"https:\/\/cunadelalegion.es\/wp-content\/uploads\/2025\/11\/image.png\" alt=\"\" class=\"wp-image-694\" srcset=\"https:\/\/cunadelalegion.es\/wp-content\/uploads\/2025\/11\/image.png 425w, https:\/\/cunadelalegion.es\/wp-content\/uploads\/2025\/11\/image-300x140.png 300w\" sizes=\"auto, (max-width: 425px) 100vw, 425px\" \/><\/a><\/figure>\n\n\n\n<figure class=\"wp-block-image aligncenter size-large\"><a href=\"https:\/\/inscripciones.gesconchip.es\/es\/evento\/x-carrera-civico-militar-cuna-de-la-legion\/inscripcion\/selecciona-tarifa?&amp;fee_tag=MTB\"><img loading=\"lazy\" decoding=\"async\" width=\"425\" height=\"198\" src=\"https:\/\/cunadelalegion.es\/wp-content\/uploads\/2025\/11\/image-1.png\" alt=\"\" class=\"wp-image-695\" srcset=\"https:\/\/cunadelalegion.es\/wp-content\/uploads\/2025\/11\/image-1.png 425w, https:\/\/cunadelalegion.es\/wp-content\/uploads\/2025\/11\/image-1-300x140.png 300w\" sizes=\"auto, (max-width: 425px) 100vw, 425px\" \/><\/a><\/figure>\n\n\n\n<p><\/p>\n\n\n\n<p><\/p>\n","protected":false},"excerpt":{"rendered":"<p>Las preinscripciones permanecer\u00e1n abiertas hasta el 10 de diciembre, estar preinscrito es requisito imprescindible para poder inscribirse el d\u00eda 15 de diciembre fecha en la que se realizar\u00e1 el pago. Estas preinscripciones ser\u00e1n para las modalidades de 20k, 50k y MTB. Las modalidades Benjam\u00edn y Joven realizar\u00e1n todo el proceso en las inscripciones del 15 [&hellip;]<\/p>\n","protected":false},"author":1,"featured_media":0,"parent":0,"menu_order":0,"comment_status":"closed","ping_status":"closed","template":"","meta":{"footnotes":""},"class_list":["post-693","page","type-page","status-publish","hentry"],"yoast_head":"<!-- This site is optimized with the Yoast SEO plugin v27.0 - https:\/\/yoast.com\/product\/yoast-seo-wordpress\/ -->\n<title>PREINSCRIPCIONES 2026 - Cuna de La Legi\u00f3n<\/title>\n<meta name=\"robots\" content=\"index, follow, max-snippet:-1, max-image-preview:large, max-video-preview:-1\" \/>\n<link rel=\"canonical\" href=\"https:\/\/cunadelalegion.es\/?page_id=693\" \/>\n<meta property=\"og:locale\" content=\"es_ES\" \/>\n<meta property=\"og:type\" content=\"article\" \/>\n<meta property=\"og:title\" content=\"PREINSCRIPCIONES 2026 - Cuna de La Legi\u00f3n\" \/>\n<meta property=\"og:description\" content=\"Las preinscripciones permanecer\u00e1n abiertas hasta el 10 de diciembre, estar preinscrito es requisito imprescindible para poder inscribirse el d\u00eda 15 de diciembre fecha en la que se realizar\u00e1 el pago. Estas preinscripciones ser\u00e1n para las modalidades de 20k, 50k y MTB. Las modalidades Benjam\u00edn y Joven realizar\u00e1n todo el proceso en las inscripciones del 15 [&hellip;]\" \/>\n<meta property=\"og:url\" content=\"https:\/\/cunadelalegion.es\/?page_id=693\" \/>\n<meta property=\"og:site_name\" content=\"Cuna de La Legi\u00f3n\" \/>\n<meta property=\"article:publisher\" content=\"https:\/\/www.facebook.com\/profile.php?id=61567994836494\" \/>\n<meta property=\"article:modified_time\" content=\"2025-11-22T11:54:33+00:00\" \/>\n<meta property=\"og:image\" content=\"https:\/\/cunadelalegion.es\/wp-content\/uploads\/2025\/11\/boton-inicio-web-1.png\" \/>\n<meta name=\"twitter:card\" content=\"summary_large_image\" \/>\n<script type=\"application\/ld+json\" class=\"yoast-schema-graph\">{\"@context\":\"https:\/\/schema.org\",\"@graph\":[{\"@type\":\"WebPage\",\"@id\":\"https:\/\/cunadelalegion.es\/?page_id=693\",\"url\":\"https:\/\/cunadelalegion.es\/?page_id=693\",\"name\":\"PREINSCRIPCIONES 2026 - Cuna de La Legi\u00f3n\",\"isPartOf\":{\"@id\":\"https:\/\/cunadelalegion.es\/#website\"},\"primaryImageOfPage\":{\"@id\":\"https:\/\/cunadelalegion.es\/?page_id=693#primaryimage\"},\"image\":{\"@id\":\"https:\/\/cunadelalegion.es\/?page_id=693#primaryimage\"},\"thumbnailUrl\":\"https:\/\/cunadelalegion.es\/wp-content\/uploads\/2025\/11\/boton-inicio-web-1.png\",\"datePublished\":\"2025-11-02T19:27:37+00:00\",\"dateModified\":\"2025-11-22T11:54:33+00:00\",\"breadcrumb\":{\"@id\":\"https:\/\/cunadelalegion.es\/?page_id=693#breadcrumb\"},\"inLanguage\":\"es\",\"potentialAction\":[{\"@type\":\"ReadAction\",\"target\":[\"https:\/\/cunadelalegion.es\/?page_id=693\"]}]},{\"@type\":\"ImageObject\",\"inLanguage\":\"es\",\"@id\":\"https:\/\/cunadelalegion.es\/?page_id=693#primaryimage\",\"url\":\"https:\/\/cunadelalegion.es\/wp-content\/uploads\/2025\/11\/boton-inicio-web-1.png\",\"contentUrl\":\"https:\/\/cunadelalegion.es\/wp-content\/uploads\/2025\/11\/boton-inicio-web-1.png\"},{\"@type\":\"BreadcrumbList\",\"@id\":\"https:\/\/cunadelalegion.es\/?page_id=693#breadcrumb\",\"itemListElement\":[{\"@type\":\"ListItem\",\"position\":1,\"name\":\"Home\",\"item\":\"https:\/\/cunadelalegion.es\/\"},{\"@type\":\"ListItem\",\"position\":2,\"name\":\"PREINSCRIPCIONES 2026\"}]},{\"@type\":\"WebSite\",\"@id\":\"https:\/\/cunadelalegion.es\/#website\",\"url\":\"https:\/\/cunadelalegion.es\/\",\"name\":\"Cuna de La Legi\u00f3n\",\"description\":\"Club Deportivo Tercio Duque de Alba\",\"publisher\":{\"@id\":\"https:\/\/cunadelalegion.es\/#organization\"},\"alternateName\":\"Carrera C\u00edvico Militar Cuna de La Legi\u00f3n\",\"potentialAction\":[{\"@type\":\"SearchAction\",\"target\":{\"@type\":\"EntryPoint\",\"urlTemplate\":\"https:\/\/cunadelalegion.es\/?s={search_term_string}\"},\"query-input\":{\"@type\":\"PropertyValueSpecification\",\"valueRequired\":true,\"valueName\":\"search_term_string\"}}],\"inLanguage\":\"es\"},{\"@type\":\"Organization\",\"@id\":\"https:\/\/cunadelalegion.es\/#organization\",\"name\":\"Cuna de La Legi\u00f3n\",\"alternateName\":\"Carrera C\u00edvio Militar Cuna de La Legi\u00f3n\",\"url\":\"https:\/\/cunadelalegion.es\/\",\"logo\":{\"@type\":\"ImageObject\",\"inLanguage\":\"es\",\"@id\":\"https:\/\/cunadelalegion.es\/#\/schema\/logo\/image\/\",\"url\":\"https:\/\/cunadelalegion.es\/wp-content\/uploads\/2026\/02\/Logo-Cuna-2025-Para-Gorra-COLOR.gif\",\"contentUrl\":\"https:\/\/cunadelalegion.es\/wp-content\/uploads\/2026\/02\/Logo-Cuna-2025-Para-Gorra-COLOR.gif\",\"width\":916,\"height\":1220,\"caption\":\"Cuna de La Legi\u00f3n\"},\"image\":{\"@id\":\"https:\/\/cunadelalegion.es\/#\/schema\/logo\/image\/\"},\"sameAs\":[\"https:\/\/www.facebook.com\/profile.php?id=61567994836494\",\"https:\/\/www.instagram.com\/lacunadelalegion\/?hl=es\"]}]}<\/script>\n<!-- \/ Yoast SEO plugin. -->","yoast_head_json":{"title":"PREINSCRIPCIONES 2026 - Cuna de La Legi\u00f3n","robots":{"index":"index","follow":"follow","max-snippet":"max-snippet:-1","max-image-preview":"max-image-preview:large","max-video-preview":"max-video-preview:-1"},"canonical":"https:\/\/cunadelalegion.es\/?page_id=693","og_locale":"es_ES","og_type":"article","og_title":"PREINSCRIPCIONES 2026 - Cuna de La Legi\u00f3n","og_description":"Las preinscripciones permanecer\u00e1n abiertas hasta el 10 de diciembre, estar preinscrito es requisito imprescindible para poder inscribirse el d\u00eda 15 de diciembre fecha en la que se realizar\u00e1 el pago. Estas preinscripciones ser\u00e1n para las modalidades de 20k, 50k y MTB. Las modalidades Benjam\u00edn y Joven realizar\u00e1n todo el proceso en las inscripciones del 15 [&hellip;]","og_url":"https:\/\/cunadelalegion.es\/?page_id=693","og_site_name":"Cuna de La Legi\u00f3n","article_publisher":"https:\/\/www.facebook.com\/profile.php?id=61567994836494","article_modified_time":"2025-11-22T11:54:33+00:00","og_image":[{"url":"https:\/\/cunadelalegion.es\/wp-content\/uploads\/2025\/11\/boton-inicio-web-1.png","type":"","width":"","height":""}],"twitter_card":"summary_large_image","schema":{"@context":"https:\/\/schema.org","@graph":[{"@type":"WebPage","@id":"https:\/\/cunadelalegion.es\/?page_id=693","url":"https:\/\/cunadelalegion.es\/?page_id=693","name":"PREINSCRIPCIONES 2026 - Cuna de La Legi\u00f3n","isPartOf":{"@id":"https:\/\/cunadelalegion.es\/#website"},"primaryImageOfPage":{"@id":"https:\/\/cunadelalegion.es\/?page_id=693#primaryimage"},"image":{"@id":"https:\/\/cunadelalegion.es\/?page_id=693#primaryimage"},"thumbnailUrl":"https:\/\/cunadelalegion.es\/wp-content\/uploads\/2025\/11\/boton-inicio-web-1.png","datePublished":"2025-11-02T19:27:37+00:00","dateModified":"2025-11-22T11:54:33+00:00","breadcrumb":{"@id":"https:\/\/cunadelalegion.es\/?page_id=693#breadcrumb"},"inLanguage":"es","potentialAction":[{"@type":"ReadAction","target":["https:\/\/cunadelalegion.es\/?page_id=693"]}]},{"@type":"ImageObject","inLanguage":"es","@id":"https:\/\/cunadelalegion.es\/?page_id=693#primaryimage","url":"https:\/\/cunadelalegion.es\/wp-content\/uploads\/2025\/11\/boton-inicio-web-1.png","contentUrl":"https:\/\/cunadelalegion.es\/wp-content\/uploads\/2025\/11\/boton-inicio-web-1.png"},{"@type":"BreadcrumbList","@id":"https:\/\/cunadelalegion.es\/?page_id=693#breadcrumb","itemListElement":[{"@type":"ListItem","position":1,"name":"Home","item":"https:\/\/cunadelalegion.es\/"},{"@type":"ListItem","position":2,"name":"PREINSCRIPCIONES 2026"}]},{"@type":"WebSite","@id":"https:\/\/cunadelalegion.es\/#website","url":"https:\/\/cunadelalegion.es\/","name":"Cuna de La Legi\u00f3n","description":"Club Deportivo Tercio Duque de Alba","publisher":{"@id":"https:\/\/cunadelalegion.es\/#organization"},"alternateName":"Carrera C\u00edvico Militar Cuna de La Legi\u00f3n","potentialAction":[{"@type":"SearchAction","target":{"@type":"EntryPoint","urlTemplate":"https:\/\/cunadelalegion.es\/?s={search_term_string}"},"query-input":{"@type":"PropertyValueSpecification","valueRequired":true,"valueName":"search_term_string"}}],"inLanguage":"es"},{"@type":"Organization","@id":"https:\/\/cunadelalegion.es\/#organization","name":"Cuna de La Legi\u00f3n","alternateName":"Carrera C\u00edvio Militar Cuna de La Legi\u00f3n","url":"https:\/\/cunadelalegion.es\/","logo":{"@type":"ImageObject","inLanguage":"es","@id":"https:\/\/cunadelalegion.es\/#\/schema\/logo\/image\/","url":"https:\/\/cunadelalegion.es\/wp-content\/uploads\/2026\/02\/Logo-Cuna-2025-Para-Gorra-COLOR.gif","contentUrl":"https:\/\/cunadelalegion.es\/wp-content\/uploads\/2026\/02\/Logo-Cuna-2025-Para-Gorra-COLOR.gif","width":916,"height":1220,"caption":"Cuna de La Legi\u00f3n"},"image":{"@id":"https:\/\/cunadelalegion.es\/#\/schema\/logo\/image\/"},"sameAs":["https:\/\/www.facebook.com\/profile.php?id=61567994836494","https:\/\/www.instagram.com\/lacunadelalegion\/?hl=es"]}]}},"_links":{"self":[{"href":"https:\/\/cunadelalegion.es\/index.php?rest_route=\/wp\/v2\/pages\/693","targetHints":{"allow":["GET"]}}],"collection":[{"href":"https:\/\/cunadelalegion.es\/index.php?rest_route=\/wp\/v2\/pages"}],"about":[{"href":"https:\/\/cunadelalegion.es\/index.php?rest_route=\/wp\/v2\/types\/page"}],"author":[{"embeddable":true,"href":"https:\/\/cunadelalegion.es\/index.php?rest_route=\/wp\/v2\/users\/1"}],"replies":[{"embeddable":true,"href":"https:\/\/cunadelalegion.es\/index.php?rest_route=%2Fwp%2Fv2%2Fcomments&post=693"}],"version-history":[{"count":16,"href":"https:\/\/cunadelalegion.es\/index.php?rest_route=\/wp\/v2\/pages\/693\/revisions"}],"predecessor-version":[{"id":758,"href":"https:\/\/cunadelalegion.es\/index.php?rest_route=\/wp\/v2\/pages\/693\/revisions\/758"}],"wp:attachment":[{"href":"https:\/\/cunadelalegion.es\/index.php?rest_route=%2Fwp%2Fv2%2Fmedia&parent=693"}],"curies":[{"name":"wp","href":"https:\/\/api.w.org\/{rel}","templated":true}]}}